{"id":44652,"date":"2024-11-27T13:45:47","date_gmt":"2024-11-27T13:45:47","guid":{"rendered":"https:\/\/ritaender.av.tr\/?page_id=44652"},"modified":"2024-12-04T22:04:07","modified_gmt":"2024-12-04T22:04:07","slug":"yayinlar","status":"publish","type":"page","link":"https:\/\/ritaender.av.tr\/en\/yayinlar\/","title":{"rendered":"Publications"},"content":{"rendered":"<div class=\"vc_row wpb_row vc_row-fluid edgtf-section edgtf-content-aligment-left\" style=\"\"><div class=\"clearfix edgtf-full-section-inner\"><div class=\"wpb_column vc_column_container vc_col-sm-12\"><div class=\"vc_column-inner vc_custom_1732714613338\"><div class=\"wpb_wrapper\">\n\t<div  class=\"wpb_single_image wpb_content_element vc_align_left\">\n\t\t\n\t\t<figure class=\"wpb_wrapper vc_figure\">\n\t\t\t<div class=\"vc_single_image-wrapper   vc_box_border_grey\"><img loading=\"lazy\" decoding=\"async\" width=\"1600\" height=\"666\" src=\"https:\/\/ritaender.av.tr\/wp-content\/uploads\/2024\/11\/ce21a80a-c95f-443d-9554-7282d347689c.jpg\" class=\"vc_single_image-img attachment-full\" alt=\"\" srcset=\"https:\/\/ritaender.av.tr\/wp-content\/uploads\/2024\/11\/ce21a80a-c95f-443d-9554-7282d347689c.jpg 1600w, https:\/\/ritaender.av.tr\/wp-content\/uploads\/2024\/11\/ce21a80a-c95f-443d-9554-7282d347689c-300x125.jpg 300w, https:\/\/ritaender.av.tr\/wp-content\/uploads\/2024\/11\/ce21a80a-c95f-443d-9554-7282d347689c-1024x426.jpg 1024w, https:\/\/ritaender.av.tr\/wp-content\/uploads\/2024\/11\/ce21a80a-c95f-443d-9554-7282d347689c-768x320.jpg 768w, https:\/\/ritaender.av.tr\/wp-content\/uploads\/2024\/11\/ce21a80a-c95f-443d-9554-7282d347689c-1536x639.jpg 1536w, https:\/\/ritaender.av.tr\/wp-content\/uploads\/2024\/11\/ce21a80a-c95f-443d-9554-7282d347689c-700x291.jpg 700w\" sizes=\"auto, (max-width: 1600px) 100vw, 1600px\" \/><\/div>\n\t\t<\/figure>\n\t<\/div>\n<\/div><\/div><\/div><\/div><\/div><div class=\"vc_row wpb_row vc_row-fluid edgtf-section edgtf-content-aligment-left\" style=\"\"><div class=\"clearfix edgtf-full-section-inner\"><div class=\"wpb_column vc_column_container vc_col-sm-12\"><div class=\"vc_column-inner\"><div class=\"wpb_wrapper\"><div class=\"edgtf-elements-holder edgtf-two-columns edgtf-responsive-mode-1024\" style=\"background-color:#fbf8f6;\"><div class=\"edgtf-elements-holder-item edgtf-vertical-alignment-middle edgtf-horizontal-alignment-left\" style=\"background-color: #ffffff\" >\n\t<div class=\"edgtf-elements-holder-item-inner\">\n\t\t<div class=\"edgtf-elements-holder-item-content edgtf-elements-holder-custom-650467\" style=\"padding: 12% 9% 12.5% 11%\">\n\t\t\t\t\t\t<style type=\"text\/css\" data-type=\"edgtf-elements-custom-padding\" scoped>\n\t\t\t\t\t\t\t\t\t@media only screen and (min-width: 1024px) and (max-width: 1280px) {\n\t\t\t\t\t\t.edgtf-elements-holder .edgtf-elements-holder-item-content.edgtf-elements-holder-custom-650467 {\n\t\t\t\t\t\t\tpadding: 9% 9% 9% 10% !important;\n\t\t\t\t\t\t}\n\t\t\t\t\t}\n\t\t\t\t\t\t\t\t\t\t\t\t@media only screen and (min-width: 768px) and (max-width: 1024px) {\n\t\t\t\t\t.edgtf-elements-holder .edgtf-elements-holder-item-content.edgtf-elements-holder-custom-650467 {\n\t\t\t\t\t\tpadding: 10.5% 9% 10.5% 10% !important;\n\t\t\t\t\t}\n\t\t\t\t}\n\t\t\t\t\t\t\t\t\t\t\t\t@media only screen and (min-width: 600px) and (max-width: 768px) {\n\t\t\t\t\t.edgtf-elements-holder .edgtf-elements-holder-item-content.edgtf-elements-holder-custom-650467 {\n\t\t\t\t\t\tpadding: 11% 9% 11% 9% !important;\n\t\t\t\t\t}\n\t\t\t\t}\n\t\t\t\t\t\t\t\t\t\t\t\t@media only screen and (min-width: 480px) and (max-width: 600px) {\n\t\t\t\t\t.edgtf-elements-holder .edgtf-elements-holder-item-content.edgtf-elements-holder-custom-650467 {\n\t\t\t\t\t\tpadding: 11% 6% 11% 6% !important;\n\t\t\t\t\t}\n\t\t\t\t}\n\t\t\t\t\t\t\t\t\t\t\t\t@media only screen and (max-width: 480px) {\n\t\t\t\t\t.edgtf-elements-holder .edgtf-elements-holder-item-content.edgtf-elements-holder-custom-650467 {\n\t\t\t\t\t\tpadding: 16% 4% 15% 4% !important;\n\t\t\t\t\t}\n\t\t\t\t}\n\t\t\t\t\t\t\t\t<\/style>\n\t\t\t\t\t\t<div class=\"edgtf-separator-holder clearfix  edgtf-separator-center edgtf-separator-normal\">\n\t<div class=\"edgtf-separator\" style=\"border-color: #fbf8f6;border-width: 1px;margin-top: 30px;margin-bottom: 0px\"><\/div>\n<\/div>\n\n\t<div class=\"wpb_text_column wpb_content_element\" >\n\t\t<div class=\"wpb_wrapper\">\n\t\t\t<h2><strong>PUBLICATIONS<\/strong><\/h2>\n<p>&nbsp;<\/p>\n<p><strong>Dissertations<\/strong><\/p>\n<p><em>\u00a0Question De La Repr\u00e9sentation Des Minorit\u00e9s Par La Presse En Turquie\u201d, Panth\u00e9on-Assas \u00dcniversitesi (Paris II), 2011 <\/em>Panth\u00e9on-Assas \u00dcniversitesi (Paris II)<em>, <\/em>2011<\/p>\n<p>&nbsp;<\/p>\n<p><em>\u00a0\u201cT\u00fcrkiye\u2019deki Gayrim\u00fcslim Az\u0131nl\u0131klar\u0131n Irk\u00e7\u0131l\u0131\u011fa Kar\u015f\u0131 Korunmas\u0131 Ve \u00d6zel Yasalar\u0131n Yoklu\u011fu Meselesi\u201d, Galatasaray \u00dcniversitesi, 2012<\/em> Galatasaray \u00dcniversitesi, 2012<\/p>\n<p>&nbsp;<\/p>\n<p>&nbsp;<\/p>\n<p><strong>Articles<\/strong><\/p>\n<p>Hrant Dink Vakf\u0131 Yay\u0131nlar\u0131, \u201cMedyada Nefret S\u00f6ylemi ve Ayr\u0131mc\u0131 Dil- May\u0131s-A\u011fustos 2014\u201d ba\u015fl\u0131kl\u0131 raporun \u201cYaz\u0131l\u0131 Bas\u0131nda Ayr\u0131mc\u0131 S\u00f6ylem\u201d ba\u015fl\u0131kl\u0131 b\u00f6l\u00fcm\u00fc, Aral\u0131k 2014<\/p>\n<p>&nbsp;<\/p>\n<p>Noel Babaya Tapma Hakk\u0131n\u0131z Var, \u201c<em>Hakk\u0131n\u0131z Var<\/em>\u201d, Do\u011fan Kitap, \u0130stanbul<\/p>\n<p>Hakemli Makale: G\u00fcncel Hukuk Dergisi, &#8220;Merhume ve Merhumlar\u0131n Ba\u011f\u0131\u015flar\u0131ndan Hahamba\u015f\u0131l\u0131k ve Patrikhanelerin T\u00fczel Ki\u015filiklerine&#8221;- s\u00f6z konusu makale \u015fu kitapta da yay\u0131nlanm\u0131\u015ft\u0131r: Robert Kopta\u015f ve B\u00fclent Usta (Edt.), Yok H\u00fckm\u00fcnde, \u0130stanbul: Aras Yay\u0131nc\u0131l\u0131k<\/p>\n<p>&nbsp;<\/p>\n<p>\u201cAz\u0131nl\u0131k Hukuku Ba\u011flam\u0131nda S\u00fcrg\u00fcnler\u201d, \u0130lay Romain \u00d6rs (Der.), \u0130stanbullu Rumlar ve 1964 S\u00fcrg\u00fcnleri, \u0130stanbul: \u0130leti\u015fim Yay\u0131nlar\u0131<\/p>\n<p>&nbsp;<\/p>\n<p>Living with This Name: \u2018Foreign\u2019 Names of Turkey\u2019s Non-Muslim Natives&#8221;,\u00a0<i>Journal of Levantine Studies.<\/i><\/p>\n<p>&nbsp;<\/p>\n<p>Madam Dimitra\u2019ya Yenge Diyemeyiz, \u201c<em>Yengeler Cumhuriyeti<\/em>\u201d, \u0130leti\u015fim Yay\u0131nlar\u0131, \u0130stanbul, 2017<\/p>\n<p>&nbsp;<\/p>\n<p>\u0130stanbul\u2019un M\u00f6sy\u00f6s\u00fc Kuaf\u00f6r Vilisi, \u201c<em>Aynan\u0131n \u00d6n\u00fcnde C\u0131mb\u0131z\u0131n Ucunda-Kuaf\u00f6r Kitab\u0131<\/em>\u201d, \u0130leti\u015fim Yay\u0131nlar\u0131<\/p>\n<p>&nbsp;<\/p>\n<p>Yabanc\u0131 Damatlara \u2018Eni\u015fte\u2019 \u015eakas\u0131, <em>\u201cEni\u015fte Risalesi\u201d,<\/em> \u0130leti\u015fim Yay\u0131nlar\u0131<\/p>\n<p>&nbsp;<\/p>\n<p>&nbsp;<\/p>\n<p><strong>Documentaries<\/strong><\/p>\n<p><i>Temsil Edildi\u011finizi\u00a0D\u00fc\u015f\u00fcn\u00fcyor Musunuz?<\/i>, 2012<\/p>\n<p>&nbsp;<\/p>\n<p><i>Las Ultimas Palavras (Son S\u00f6zc\u00fckler)<\/i>, 2015<\/p>\n<p>&nbsp;<\/p>\n<p>&nbsp;<\/p>\n<p><strong>Conference Presentations (related to law)<\/strong><\/p>\n<p>Galatasaray \u00dcniversitesi, \u201cT\u00fcrkiye\u2019de dini az\u0131nl\u0131klar: Temsiliyet ve Kurumsalla\u015fma,\u201d ba\u015fl\u0131kl\u0131 panelde<strong> \u201c<\/strong>Az\u0131nl\u0131k Bireyleri \u2013 Temsiliyet Hakk\u0131\u201d ba\u015fl\u0131kl\u0131 sunum, 11.10.2012<\/p>\n<p>&nbsp;<\/p>\n<p>\u0130stanbul Bilgi \u00dcniversitesi, &#8220;1964 Expulsions and the Istanbul Rum: A Turning Point in the Homogenization of Turkish Society&#8221;ba\u015fl\u0131kl\u0131 panelde, \u201cAz\u0131nl\u0131k Hukuku Ba\u011flam\u0131nda S\u00fcrg\u00fcnler\u201d ba\u015fl\u0131kl\u0131 sunum, 31.10.2014<\/p>\n<p>&nbsp;<\/p>\n<p>\u0130stanbul Bilgi \u00dcniversitesi, \u201c\u0130fade \u00d6zg\u00fcrl\u00fc\u011f\u00fc ve Nefret S\u00f6ylemi ikileminde Az\u0131nl\u0131klar ve Sosyal Medya\u201d ba\u015fl\u0131kl\u0131 panelde, \u201cG\u00f6rsel Medya, Hukuk ve Az\u0131nl\u0131klar\u201d ba\u015fl\u0131kl\u0131 sunum, 13.11.2015<\/p>\n<p>&nbsp;<\/p>\n<p>Ankara \u00dcniversitesi, \u201c\u0130fade \u00d6zg\u00fcrl\u00fc\u011f\u00fc ve \u0130nan\u00e7 \u00d6zg\u00fcrl\u00fc\u011f\u00fc\u201d ba\u015fl\u0131kl\u0131 panelde, \u201cNefret S\u00f6ylemi T\u00fcrkiyeli Bir Yahudi\u2019yi Nas\u0131l Etkiler?\u201d ba\u015fl\u0131kl\u0131 sunum, 18.02.2016<\/p>\n<p>&nbsp;<\/p>\n<p>Cezayir Toplant\u0131 Salonu, \u201cHolokost Ve T\u00fcrkiye\u201d ba\u015fl\u0131kl\u0131 panelde, \u201cT\u00fcrkiye\u2019de Antisemitizm ve Antisemitizmle hukuki m\u00fccadele yollar\u0131\u201d ba\u015fl\u0131kl\u0131 sunum, 12.03.2016<\/p>\n<p>&nbsp;<\/p>\n<p>Pera M\u00fczesi, \u201cYok H\u00fckm\u00fcnde\u201d kitab\u0131n\u0131n tan\u0131t\u0131m\u0131 kapsam\u0131nda, \u201cHaks\u0131zl\u0131\u011fa Kar\u015f\u0131 \u0130ki Kad\u0131n Avukat: Luiz Bakar ve Ester Zonana\u201d ba\u015fl\u0131kl\u0131 sunum, 21.05.2016<\/p>\n<p>&nbsp;<\/p>\n<p>Hrant Dink Vakf\u0131, \u201cAz\u0131nl\u0131klar\u0131n Temsiliyeti, Sorunlar ve \u0130leriye D\u00f6n\u00fck Perspektifler\u201d ba\u015fl\u0131kl\u0131 panelde, Az\u0131nl\u0131klara Ait T\u00fczel Ki\u015filerin Temsili\u201d ba\u015fl\u0131kl\u0131 sunum, 27.05.2016<\/p>\n<p>&nbsp;<\/p>\n<p>\u0130stanbul K\u00fclt\u00fcr \u00dcniversitesi, \u201cKonu\u015fulmayan\u0131 Konu\u015fmak\u201d ba\u015fl\u0131kl\u0131 panelde \u201cNoel Baba\u2019ya Tapma Hakk\u0131\u201d ba\u015fl\u0131kl\u0131 sunum, 08.12.2016<\/p>\n<p>&nbsp;<\/p>\n<p>\u0130stanbul Modern M\u00fczesi, 15. \u0130stanbul Bienali kapsam\u0131nda, \u201cKom\u015fuluk Hakk\u0131\u201d ba\u015fl\u0131kl\u0131 sunum, 05.10.2017<\/p>\n<p>&nbsp;<\/p>\n<p>Lozan \u00dcniversitesi (\u0130svi\u00e7re), \u201c34th Conference: Religion, coop\u00e9ration et conflit dans des soci\u00e9t\u00e9s diversifi\u00e9es\u201d ba\u015fl\u0131kl\u0131 panelde \u201cSocial Media, An Important Medium For Non-Muslims In Turkey\u201d ba\u015fl\u0131kl\u0131 sunum, 04.07.2017<\/p>\n<p>&nbsp;<\/p>\n<p>&nbsp;<\/p>\n<p><strong>Conference Presentations (on other topics)<\/strong><\/p>\n<p>Bo\u011fazi\u00e7i \u00dcniversitesi, \u201c\u00dcniversite Reformu ve Yahudi Akademisyenlerin Miras\u0131n\u0131 Yeniden De\u011ferlendirmek\u201d ba\u015fl\u0131kl\u0131 panelde,<strong> \u201c<\/strong>Yahudi Akademisyenlerin T\u00fcrkiye\u2019deki Yahudi Toplumu ile \u0130li\u015fkileri\u201d ba\u015fl\u0131kl\u0131 sunum, 31.10.2013<\/p>\n<p>&nbsp;<\/p>\n<p><em>Robinson Crusoe<\/em>\u00a0389, \u201cKolay Gelsin: Meslekler &amp; Mek\u00e2nlar\u201d ba\u015fl\u0131kl\u0131 konu\u015fma, 15.04.2015<\/p>\n<p>&nbsp;<\/p>\n<p>Salt Galata, \u201cLas Ultimas Palavras\u201d ba\u015fl\u0131kl\u0131 panelde Prof. Sami G\u00fclg\u00f6z ile\u00a0 \u201cDil, Bellek ve Haf\u0131za\u201d \u00fczerine sunum, 23.03.2016<\/p>\n<p>&nbsp;<\/p>\n<p>Avusturya Konsoloslu\u011fu, \u201cSosyal Medya Ve Az\u0131nl\u0131klar Projesi\u201d ba\u015fl\u0131kl\u0131 panelde, \u201cSosyal Medya Ve Az\u0131nl\u0131klar\u201d ba\u015fl\u0131kl\u0131 sunum, 19.05.2016<\/p>\n<p>&nbsp;<\/p>\n<p>Pera M\u00fczesi, \u201cYok H\u00fckm\u00fcnde\u201d kitab\u0131n\u0131n tan\u0131t\u0131m\u0131 kapsam\u0131nda, \u201cHaks\u0131zl\u0131\u011fa Kar\u015f\u0131 \u0130ki Kad\u0131n Avukat: Luiz Bakar ve Ester Zonana\u201d ba\u015fl\u0131kl\u0131 sunum, 21.05.2016<\/p>\n<p>&nbsp;<\/p>\n<p>Tarih Vakf\u0131, Ay\u015fe H\u00fcr ile beraber \u201cTarih-Bellek-Belgesel\u201d ba\u015fl\u0131kl\u0131 tart\u0131\u015fma, 25.05.2016<\/p>\n<p>&nbsp;<\/p>\n<p>Salt Galata, \u201cKitaba D\u00f6n\u00fc\u015fmek\u201d etkinli\u011fi kapsam\u0131nda \u201c\u0130smiyle Ya\u015famak\u201d ba\u015fl\u0131kl\u0131 sunum, 27.09.2016<\/p>\n<p>&nbsp;<\/p>\n<p>Galata Rum Okulu, \u201cYan Yana: Ortak Bir Gelecek\u201d isimli panelde \u201cK\u00fclt\u00fcrel Bellek \u0130mgesi: Aile Yadig\u00e2r\u0131\u201d isimli sunum, 20.10.2018<\/p>\n<p>&nbsp;<\/p>\n<p>Hagop Kevorkian Center-New York \u00dcniversitesi (ABD), Dalia Kandiyoti ile\u00a0 \u201cLas Ultimas Palavras\u201d belgeseli \u00fczerine sunum, 23.03.2016<\/p>\n<p>&nbsp;<\/p>\n<p>Yeditepe \u00dcniversitesi, Jared Conrad-Bradshaw ile \u201cLas Ultimas Palavras\u201d belgeseli \u00fczerine sunum, 01.12.2016<\/p>\n<p>&nbsp;<\/p>\n<p>Bar-\u0130lan \u00dcniversitesi (\u0130srail), \u201cLas Ultimas Palavras\u201d belgeseli \u00fczerine sunum, 14.12.2016<\/p>\n<p>&nbsp;<\/p>\n<p>Brandeis \u00dcniversitesi (ABD), \u201cThe fate of the Ladino language in Turkey\u201d ba\u015fl\u0131kl\u0131 sunum,\u00a0 22.03.2017<\/p>\n<p>&nbsp;<\/p>\n<p>Cervantes Enstit\u00fcs\u00fc (Fransa), \u201cJudeo-Espagnole: ma langue maternelle\u201d ba\u015fl\u0131kl\u0131 sunum,\u00a0 14.06.2017<\/p>\n<p>&nbsp;<\/p>\n<p>Berlin Yahudi M\u00fczesi (Almanya), Corry Guttstadt ile birlikte \u201cLast Words\u201d ba\u015fl\u0131kl\u0131 sunum, 24.09.2017<\/p>\n<p>&nbsp;<\/p>\n<p><em>Robinson Crusoe<\/em>\u00a0389, \u201cAile Yadig\u00e2rlar\u0131\u201d ba\u015fl\u0131kl\u0131 konu\u015fma, 29.09.2018<\/p>\n<p>&nbsp;<\/p>\n<p>Schneidertempel Sanat Merkezi, \u201cMadam Amati\u201d ba\u015fl\u0131kl\u0131 sunum, 06.03.2019<\/p>\n<p>&nbsp;<\/p>\n<p>\u0130stanbul Edebiyat Evi, \u201c6-7 Eyl\u00fcl Olaylar\u0131ndaki Kad\u0131nlar\u201d ba\u015fl\u0131kl\u0131 sunum, 03.09.2019<\/p>\n<p>&nbsp;<\/p>\n<p>Mimar Sinan \u00dcniversitesi, \u201cAsl\u0131nda\u201d isimli panelde \u201cAsl\u0131nda S\u0131r\u201d ba\u015fl\u0131kl\u0131 sunum, 23.11.2019<\/p>\n\n\t\t<\/div>\n\t<\/div>\n<div class=\"edgtf-separator-holder clearfix  edgtf-separator-center edgtf-separator-normal\">\n\t<div class=\"edgtf-separator\" style=\"border-color: #fbf8f6;border-width: 1px;margin-top: 42px;margin-bottom: 0px\"><\/div>\n<\/div>\n\t\t<\/div>\n\t<\/div>\n<\/div><\/div><\/div><\/div><\/div><\/div><\/div><div class=\"vc_row wpb_row vc_row-fluid edgtf-section edgtf-content-aligment-left\" style=\"\"><div class=\"clearfix edgtf-full-section-inner\"><div class=\"wpb_column vc_column_container vc_col-sm-12\"><div class=\"vc_column-inner\"><div class=\"wpb_wrapper\"><div class=\"vc_empty_space\"   style=\"height: 52px\"><span class=\"vc_empty_space_inner\"><\/span><\/div><\/div><\/div><\/div><\/div><\/div>","protected":false},"excerpt":{"rendered":"YAYINLAR &nbsp; Tezler \u00a0\u00ab\u00a0Question De La Repr\u00e9sentation Des Minorit\u00e9s Par La Presse En Turquie\u00a0\u00bb, Panth\u00e9on-Assas \u00dcniversitesi (Paris II), 2011 &nbsp; \u00a0\u201cT\u00fcrkiye\u2019deki Gayrim\u00fcslim Az\u0131nl\u0131klar\u0131n Irk\u00e7\u0131l\u0131\u011fa Kar\u015f\u0131 Korunmas\u0131 Ve \u00d6zel Yasalar\u0131n Yoklu\u011fu Meselesi\u201d, Galatasaray \u00dcniversitesi, 2012 &nbsp; &nbsp; Makaleler Hrant Dink Vakf\u0131 Yay\u0131nlar\u0131, \u201cMedyada Nefret S\u00f6ylemi ve [...]","protected":false},"author":1,"featured_media":0,"parent":0,"menu_order":0,"comment_status":"closed","ping_status":"closed","template":"full-width.php","meta":{"footnotes":""},"class_list":["post-44652","page","type-page","status-publish","hentry"],"_links":{"self":[{"href":"https:\/\/ritaender.av.tr\/en\/wp-json\/wp\/v2\/pages\/44652","targetHints":{"allow":["GET"]}}],"collection":[{"href":"https:\/\/ritaender.av.tr\/en\/wp-json\/wp\/v2\/pages"}],"about":[{"href":"https:\/\/ritaender.av.tr\/en\/wp-json\/wp\/v2\/types\/page"}],"author":[{"embeddable":true,"href":"https:\/\/ritaender.av.tr\/en\/wp-json\/wp\/v2\/users\/1"}],"replies":[{"embeddable":true,"href":"https:\/\/ritaender.av.tr\/en\/wp-json\/wp\/v2\/comments?post=44652"}],"version-history":[{"count":6,"href":"https:\/\/ritaender.av.tr\/en\/wp-json\/wp\/v2\/pages\/44652\/revisions"}],"predecessor-version":[{"id":44676,"href":"https:\/\/ritaender.av.tr\/en\/wp-json\/wp\/v2\/pages\/44652\/revisions\/44676"}],"wp:attachment":[{"href":"https:\/\/ritaender.av.tr\/en\/wp-json\/wp\/v2\/media?parent=44652"}],"curies":[{"name":"wp","href":"https:\/\/api.w.org\/{rel}","templated":true}]}}